{"id":756,"date":"2025-11-12T04:48:32","date_gmt":"2025-11-12T04:48:32","guid":{"rendered":"https:\/\/saloncabo.com\/?page_id=756"},"modified":"2026-04-30T18:38:17","modified_gmt":"2026-04-30T18:38:17","slug":"keratina-alcalina","status":"publish","type":"page","link":"https:\/\/saloncabo.com\/en\/keratina-alcalina\/","title":{"rendered":"Keratina Alcalina"},"content":{"rendered":"\t\t<div data-elementor-type=\"wp-page\" data-elementor-id=\"756\" class=\"elementor elementor-756\" data-elementor-post-type=\"page\">\n\t\t\t\t<div class=\"elementor-element elementor-element-0b2c66a e-flex e-con-boxed e-con e-parent\" data-id=\"0b2c66a\" data-element_type=\"container\" data-e-type=\"container\" data-settings=\"{&quot;background_background&quot;:&quot;classic&quot;}\">\n\t\t\t\t\t<div class=\"e-con-inner\">\n\t\t<div class=\"elementor-element elementor-element-3e10647 e-con-full e-flex e-con e-child\" data-id=\"3e10647\" data-element_type=\"container\" data-e-type=\"container\">\n\t\t\t\t<\/div>\n\t\t\t\t\t<\/div>\n\t\t\t\t<\/div>\n\t\t<div class=\"elementor-element elementor-element-49cff4c e-flex e-con-boxed e-con e-parent\" data-id=\"49cff4c\" data-element_type=\"container\" data-e-type=\"container\">\n\t\t\t\t\t<div class=\"e-con-inner\">\n\t\t<div class=\"elementor-element elementor-element-e736a0e e-con-full e-flex e-con e-child\" data-id=\"e736a0e\" data-element_type=\"container\" data-e-type=\"container\">\n\t\t\t\t<div class=\"elementor-element elementor-element-a486f61 elementor-invisible elementor-widget elementor-widget-heading\" data-id=\"a486f61\" data-element_type=\"widget\" data-e-type=\"widget\" data-settings=\"{&quot;_animation&quot;:&quot;fadeInUp&quot;}\" data-widget_type=\"heading.default\">\n\t\t\t\t\t<h2 class=\"elementor-heading-title elementor-size-default\">Keratina Alcalina en Cabo San Lucas para Cabello Liso, Suave y Sin Frizz<\/h2>\t\t\t\t<\/div>\n\t\t\t\t<div class=\"elementor-element elementor-element-6528e64 elementor-widget elementor-widget-text-editor\" data-id=\"6528e64\" data-element_type=\"widget\" data-e-type=\"widget\" data-widget_type=\"text-editor.default\">\n\t\t\t\t\t\t\t\t\t<p><span style=\"font-weight: 400;\">Si buscas una forma efectiva de transformar tu cabello y decir adi\u00f3s al frizz, nuestro servicio de <\/span><b>keratina alcalina Cabo<\/b><span style=\"font-weight: 400;\"> es una excelente opci\u00f3n. Este tratamiento capilar est\u00e1 dise\u00f1ado para suavizar la fibra capilar, mejorar la textura del cabello y proporcionar un aspecto m\u00e1s saludable y brillante.<\/span><\/p><p><span style=\"font-weight: 400;\">En nuestro sal\u00f3n en Cabo San Lucas contamos con m\u00e1s de <\/span><b>10 a\u00f1os de experiencia<\/b><span style=\"font-weight: 400;\"> ofreciendo <\/span><b>tratamiento de keratina profesional<\/b><span style=\"font-weight: 400;\"> adaptado a diferentes tipos de cabello. Nuestro objetivo es ayudarte a lograr un cabello m\u00e1s manejable, suave y f\u00e1cil de peinar con resultados naturales y duraderos.<\/span><\/p>\t\t\t\t\t\t\t\t<\/div>\n\t\t\t\t<div class=\"elementor-element elementor-element-e293d44 elementor-invisible elementor-widget elementor-widget-button\" data-id=\"e293d44\" data-element_type=\"widget\" data-e-type=\"widget\" data-settings=\"{&quot;_animation&quot;:&quot;fadeIn&quot;}\" data-widget_type=\"button.default\">\n\t\t\t\t\t\t\t\t\t\t<a class=\"elementor-button elementor-button-link elementor-size-sm elementor-animation-bob\" href=\"https:\/\/saloncabo.com\/book-now\/\">\n\t\t\t\t\t\t<span class=\"elementor-button-content-wrapper\">\n\t\t\t\t\t\t<span class=\"elementor-button-icon\">\n\t\t\t\t<svg aria-hidden=\"true\" class=\"e-font-icon-svg e-fas-angle-right\" viewBox=\"0 0 256 512\" xmlns=\"http:\/\/www.w3.org\/2000\/svg\"><path d=\"M224.3 273l-136 136c-9.4 9.4-24.6 9.4-33.9 0l-22.6-22.6c-9.4-9.4-9.4-24.6 0-33.9l96.4-96.4-96.4-96.4c-9.4-9.4-9.4-24.6 0-33.9L54.3 103c9.4-9.4 24.6-9.4 33.9 0l136 136c9.5 9.4 9.5 24.6.1 34z\"><\/path><\/svg>\t\t\t<\/span>\n\t\t\t\t\t\t\t\t\t<span class=\"elementor-button-text\">Reserva ahora<\/span>\n\t\t\t\t\t<\/span>\n\t\t\t\t\t<\/a>\n\t\t\t\t\t\t\t\t<\/div>\n\t\t\t\t<\/div>\n\t\t<div class=\"elementor-element elementor-element-066ced8 e-con-full e-flex e-con e-child\" data-id=\"066ced8\" data-element_type=\"container\" data-e-type=\"container\">\n\t\t\t\t<div class=\"elementor-element elementor-element-84f273c elementor-widget elementor-widget-image\" data-id=\"84f273c\" data-element_type=\"widget\" data-e-type=\"widget\" data-widget_type=\"image.default\">\n\t\t\t\t\t\t\t\t\t\t\t\t\t\t\t<img fetchpriority=\"high\" decoding=\"async\" width=\"455\" height=\"455\" src=\"https:\/\/saloncabo.com\/wp-content\/uploads\/2025\/11\/download-2025-11-11T151552.573.webp\" class=\"attachment-large size-large wp-image-545\" alt=\"Keratina Alcalina - Modern Salon by Sabrina Cabo\" srcset=\"https:\/\/saloncabo.com\/wp-content\/uploads\/2025\/11\/download-2025-11-11T151552.573.webp 455w, https:\/\/saloncabo.com\/wp-content\/uploads\/2025\/11\/download-2025-11-11T151552.573-300x300.webp 300w, https:\/\/saloncabo.com\/wp-content\/uploads\/2025\/11\/download-2025-11-11T151552.573-150x150.webp 150w, https:\/\/saloncabo.com\/wp-content\/uploads\/2025\/11\/download-2025-11-11T151552.573-12x12.webp 12w\" sizes=\"(max-width: 455px) 100vw, 455px\" \/>\t\t\t\t\t\t\t\t\t\t\t\t\t\t\t<\/div>\n\t\t\t\t<\/div>\n\t\t\t\t\t<\/div>\n\t\t\t\t<\/div>\n\t\t<div class=\"elementor-element elementor-element-5187118 e-flex e-con-boxed e-con e-parent\" data-id=\"5187118\" data-element_type=\"container\" data-e-type=\"container\" data-settings=\"{&quot;background_background&quot;:&quot;classic&quot;}\">\n\t\t\t\t\t<div class=\"e-con-inner\">\n\t\t<div class=\"elementor-element elementor-element-e87651c e-con-full e-flex e-con e-child\" data-id=\"e87651c\" data-element_type=\"container\" data-e-type=\"container\">\n\t\t\t\t<div class=\"elementor-element elementor-element-08b67ed elementor-invisible elementor-widget elementor-widget-heading\" data-id=\"08b67ed\" data-element_type=\"widget\" data-e-type=\"widget\" data-settings=\"{&quot;_animation&quot;:&quot;fadeInUp&quot;}\" data-widget_type=\"heading.default\">\n\t\t\t\t\t<h2 class=\"elementor-heading-title elementor-size-default\">Qu\u00e9 es la Keratina Alcalina y Para Qu\u00e9 Sirve?\n<\/h2>\t\t\t\t<\/div>\n\t\t\t\t<div class=\"elementor-element elementor-element-549ccd5 elementor-widget elementor-widget-text-editor\" data-id=\"549ccd5\" data-element_type=\"widget\" data-e-type=\"widget\" data-widget_type=\"text-editor.default\">\n\t\t\t\t\t\t\t\t\t<p><span style=\"font-weight: 400;\">La <\/span><b>keratina alcalina Cabo<\/b><span style=\"font-weight: 400;\"> es un tratamiento capilar profesional que ayuda a restaurar la estructura natural del cabello mientras reduce el frizz y mejora la manejabilidad. La keratina es una prote\u00edna que se encuentra naturalmente en el cabello, y cuando se aplica como tratamiento, ayuda a fortalecer y suavizar la fibra capilar.<\/span><\/p><p><span style=\"font-weight: 400;\">El <\/span><b>tratamiento de keratina profesional<\/b><span style=\"font-weight: 400;\"> funciona sellando la cut\u00edcula del cabello, lo que permite que el cabello se vea m\u00e1s liso, brillante y saludable. Este proceso tambi\u00e9n ayuda a reducir el encrespamiento, facilitando el peinado diario.<\/span><\/p><p><span style=\"font-weight: 400;\">Muchas personas eligen la <\/span><b>keratina para alisar cabello<\/b><span style=\"font-weight: 400;\"> porque ofrece un efecto alisado m\u00e1s natural que otros tratamientos, sin da\u00f1ar la estructura del cabello cuando se realiza por especialistas.<\/span><\/p><p><span style=\"font-weight: 400;\">Entre sus principales beneficios se incluyen:<\/span><\/p><ul><li style=\"font-weight: 400;\" aria-level=\"1\"><span style=\"font-weight: 400;\">Reducci\u00f3n visible del frizz<\/span><\/li><li style=\"font-weight: 400;\" aria-level=\"1\"><span style=\"font-weight: 400;\">Cabello m\u00e1s suave y manejable<\/span><\/li><li style=\"font-weight: 400;\" aria-level=\"1\"><span style=\"font-weight: 400;\">Mayor brillo natural<\/span><\/li><li style=\"font-weight: 400;\" aria-level=\"1\"><span style=\"font-weight: 400;\">Mejor apariencia del cabello da\u00f1ado<\/span><\/li><\/ul>\t\t\t\t\t\t\t\t<\/div>\n\t\t\t\t<\/div>\n\t\t<div class=\"elementor-element elementor-element-9293a2a e-con-full e-flex e-con e-child\" data-id=\"9293a2a\" data-element_type=\"container\" data-e-type=\"container\">\n\t\t\t\t<div class=\"elementor-element elementor-element-ac126ad elementor-widget elementor-widget-image\" data-id=\"ac126ad\" data-element_type=\"widget\" data-e-type=\"widget\" data-settings=\"{&quot;sticky&quot;:&quot;top&quot;,&quot;sticky_on&quot;:[&quot;desktop&quot;],&quot;sticky_parent&quot;:&quot;yes&quot;,&quot;sticky_offset&quot;:0,&quot;sticky_effects_offset&quot;:0,&quot;sticky_anchor_link_offset&quot;:0}\" data-widget_type=\"image.default\">\n\t\t\t\t\t\t\t\t\t\t\t\t\t\t\t<img decoding=\"async\" width=\"800\" height=\"800\" src=\"https:\/\/saloncabo.com\/wp-content\/uploads\/2026\/03\/1000s.webp\" class=\"attachment-large size-large wp-image-1361\" alt=\"Qu\u00e9 es la Keratina Alcalina y Para Qu\u00e9 Sirve?\" srcset=\"https:\/\/saloncabo.com\/wp-content\/uploads\/2026\/03\/1000s.webp 1000w, https:\/\/saloncabo.com\/wp-content\/uploads\/2026\/03\/1000s-300x300.webp 300w, https:\/\/saloncabo.com\/wp-content\/uploads\/2026\/03\/1000s-150x150.webp 150w, https:\/\/saloncabo.com\/wp-content\/uploads\/2026\/03\/1000s-768x768.webp 768w, https:\/\/saloncabo.com\/wp-content\/uploads\/2026\/03\/1000s-12x12.webp 12w\" sizes=\"(max-width: 800px) 100vw, 800px\" \/>\t\t\t\t\t\t\t\t\t\t\t\t\t\t\t<\/div>\n\t\t\t\t<\/div>\n\t\t\t\t\t<\/div>\n\t\t\t\t<\/div>\n\t\t<div class=\"elementor-element elementor-element-3ac4b9d e-flex e-con-boxed e-con e-parent\" data-id=\"3ac4b9d\" data-element_type=\"container\" data-e-type=\"container\">\n\t\t\t\t\t<div class=\"e-con-inner\">\n\t\t\t\t<div class=\"elementor-element elementor-element-99139d1 elementor-invisible elementor-widget elementor-widget-heading\" data-id=\"99139d1\" data-element_type=\"widget\" data-e-type=\"widget\" data-settings=\"{&quot;_animation&quot;:&quot;fadeInUp&quot;}\" data-widget_type=\"heading.default\">\n\t\t\t\t\t<h2 class=\"elementor-heading-title elementor-size-default\">Beneficios del Tratamiento de Keratina Profesional<\/h2>\t\t\t\t<\/div>\n\t\t\t\t<div class=\"elementor-element elementor-element-fd13b73 elementor-widget elementor-widget-text-editor\" data-id=\"fd13b73\" data-element_type=\"widget\" data-e-type=\"widget\" data-widget_type=\"text-editor.default\">\n\t\t\t\t\t\t\t\t\t<p><span style=\"font-weight: 400;\">Nuestro <\/span><b>tratamiento de keratina profesional<\/b><span style=\"font-weight: 400;\"> ofrece m\u00faltiples beneficios para mejorar la salud y apariencia del cabello. Este servicio es ideal para quienes desean un cabello m\u00e1s disciplinado y f\u00e1cil de manejar.<\/span><\/p><p><span style=\"font-weight: 400;\">Entre los principales beneficios de la <\/span><b>keratina para alisar cabello<\/b><span style=\"font-weight: 400;\"> se encuentran:<\/span><\/p><ul><li style=\"font-weight: 400;\" aria-level=\"1\"><b>Reducci\u00f3n del frizz:<\/b><span style=\"font-weight: 400;\"> La <\/span><b>keratina alcalina Cabo<\/b><span style=\"font-weight: 400;\"> ayuda a controlar el encrespamiento incluso en climas h\u00famedos.<\/span><span style=\"font-weight: 400;\"><br \/><br \/><\/span><\/li><li style=\"font-weight: 400;\" aria-level=\"1\"><b>Cabello m\u00e1s suave:<\/b><span style=\"font-weight: 400;\"> La fibra capilar se vuelve m\u00e1s sedosa y manejable.<\/span><span style=\"font-weight: 400;\"><br \/><br \/><\/span><\/li><li style=\"font-weight: 400;\" aria-level=\"1\"><b>Brillo intenso:<\/b><span style=\"font-weight: 400;\"> El cabello adquiere un aspecto m\u00e1s saludable y luminoso.<\/span><span style=\"font-weight: 400;\"><br \/><br \/><\/span><\/li><li style=\"font-weight: 400;\" aria-level=\"1\"><b>Reparaci\u00f3n capilar:<\/b><span style=\"font-weight: 400;\"> El <\/span><b>tratamiento de keratina profesional<\/b><span style=\"font-weight: 400;\"> ayuda a mejorar la apariencia del cabello da\u00f1ado por calor o qu\u00edmicos.<\/span><span style=\"font-weight: 400;\"><br \/><br \/><\/span><\/li><li style=\"font-weight: 400;\" aria-level=\"1\"><b>Peinado m\u00e1s f\u00e1cil:<\/b><span style=\"font-weight: 400;\"> Despu\u00e9s del tratamiento, el cabello requiere menos tiempo para peinarse.<\/span><span style=\"font-weight: 400;\"><br \/><br \/><\/span><\/li><li style=\"font-weight: 400;\" aria-level=\"1\"><b>Resultados duraderos:<\/b><span style=\"font-weight: 400;\"> Dependiendo del tipo de cabello y cuidados posteriores, los resultados pueden durar varias semanas.<\/span><\/li><\/ul>\t\t\t\t\t\t\t\t<\/div>\n\t\t\t\t<div class=\"elementor-element elementor-element-cd9e30e elementor-invisible elementor-widget elementor-widget-button\" data-id=\"cd9e30e\" data-element_type=\"widget\" data-e-type=\"widget\" data-settings=\"{&quot;_animation&quot;:&quot;fadeIn&quot;}\" data-widget_type=\"button.default\">\n\t\t\t\t\t\t\t\t\t\t<a class=\"elementor-button elementor-button-link elementor-size-sm elementor-animation-bob\" href=\"https:\/\/saloncabo.com\/book-now\/\">\n\t\t\t\t\t\t<span class=\"elementor-button-content-wrapper\">\n\t\t\t\t\t\t<span class=\"elementor-button-icon\">\n\t\t\t\t<svg aria-hidden=\"true\" class=\"e-font-icon-svg e-fas-angle-right\" viewBox=\"0 0 256 512\" xmlns=\"http:\/\/www.w3.org\/2000\/svg\"><path d=\"M224.3 273l-136 136c-9.4 9.4-24.6 9.4-33.9 0l-22.6-22.6c-9.4-9.4-9.4-24.6 0-33.9l96.4-96.4-96.4-96.4c-9.4-9.4-9.4-24.6 0-33.9L54.3 103c9.4-9.4 24.6-9.4 33.9 0l136 136c9.5 9.4 9.5 24.6.1 34z\"><\/path><\/svg>\t\t\t<\/span>\n\t\t\t\t\t\t\t\t\t<span class=\"elementor-button-text\">Reserva ahora<\/span>\n\t\t\t\t\t<\/span>\n\t\t\t\t\t<\/a>\n\t\t\t\t\t\t\t\t<\/div>\n\t\t\t\t\t<\/div>\n\t\t\t\t<\/div>\n\t\t<div class=\"elementor-element elementor-element-2f5b07a e-flex e-con-boxed e-con e-parent\" data-id=\"2f5b07a\" data-element_type=\"container\" data-e-type=\"container\" data-settings=\"{&quot;background_background&quot;:&quot;classic&quot;}\">\n\t\t\t\t\t<div class=\"e-con-inner\">\n\t\t<div class=\"elementor-element elementor-element-b18b765 e-con-full e-flex e-con e-child\" data-id=\"b18b765\" data-element_type=\"container\" data-e-type=\"container\">\n\t\t\t\t<div class=\"elementor-element elementor-element-eb503ea elementor-invisible elementor-widget elementor-widget-heading\" data-id=\"eb503ea\" data-element_type=\"widget\" data-e-type=\"widget\" data-settings=\"{&quot;_animation&quot;:&quot;fadeInUp&quot;}\" data-widget_type=\"heading.default\">\n\t\t\t\t\t<h2 class=\"elementor-heading-title elementor-size-default\">C\u00f3mo Realizamos el Tratamiento de Keratina en Nuestro Sal\u00f3n\n<\/h2>\t\t\t\t<\/div>\n\t\t\t\t<div class=\"elementor-element elementor-element-eda2c41 elementor-widget elementor-widget-text-editor\" data-id=\"eda2c41\" data-element_type=\"widget\" data-e-type=\"widget\" data-widget_type=\"text-editor.default\">\n\t\t\t\t\t\t\t\t\t<p><span style=\"font-weight: 400;\">Nuestro proceso de <\/span><b>tratamiento de keratina profesional<\/b><span style=\"font-weight: 400;\"> se realiza cuidadosamente para garantizar resultados seguros y efectivos. Cada paso est\u00e1 dise\u00f1ado para maximizar los beneficios de la <\/span><b>keratina para alisar cabello<\/b><span style=\"font-weight: 400;\">.<\/span><\/p><p><span style=\"font-weight: 400;\">El proceso incluye:<br \/><\/span><b>Diagn\u00f3stico capilar: <\/b><span style=\"font-weight: 400;\">Evaluamos el estado del cabello para determinar la mejor forma de aplicar la <\/span><b>keratina alcalina Cabo<\/b><span style=\"font-weight: 400;\">.<\/span><\/p><p><b>Limpieza profunda: <\/b><span style=\"font-weight: 400;\">Lavamos el cabello con un shampoo especial para eliminar residuos y preparar la fibra capilar.<\/span><\/p><p><b>Aplicaci\u00f3n del tratamiento: <\/b><span style=\"font-weight: 400;\">Aplicamos la f\u00f3rmula de <\/span><b>tratamiento de keratina profesional<\/b><span style=\"font-weight: 400;\"> de manera uniforme para cubrir cada hebra de cabello.<\/span><\/p><p><b>Sellado con calor: <\/b><span style=\"font-weight: 400;\">Utilizamos herramientas profesionales para sellar la keratina en el cabello y activar sus beneficios.<\/span><\/p><p><b>Peinado final: <\/b><span style=\"font-weight: 400;\">Finalizamos con un peinado que permite apreciar el efecto suave, brillante y disciplinado del cabello.<\/span><\/p>\t\t\t\t\t\t\t\t<\/div>\n\t\t\t\t<\/div>\n\t\t<div class=\"elementor-element elementor-element-46bc718 e-con-full e-flex e-con e-child\" data-id=\"46bc718\" data-element_type=\"container\" data-e-type=\"container\">\n\t\t\t\t<div class=\"elementor-element elementor-element-a93ea55 elementor-widget elementor-widget-image\" data-id=\"a93ea55\" data-element_type=\"widget\" data-e-type=\"widget\" data-settings=\"{&quot;sticky&quot;:&quot;top&quot;,&quot;sticky_on&quot;:[&quot;desktop&quot;],&quot;sticky_parent&quot;:&quot;yes&quot;,&quot;sticky_offset&quot;:0,&quot;sticky_effects_offset&quot;:0,&quot;sticky_anchor_link_offset&quot;:0}\" data-widget_type=\"image.default\">\n\t\t\t\t\t\t\t\t\t\t\t\t\t\t\t<img decoding=\"async\" width=\"640\" height=\"650\" src=\"https:\/\/saloncabo.com\/wp-content\/uploads\/2026\/03\/bc4448_0d7b3456cb54488598b8bd122.webp\" class=\"attachment-large size-large wp-image-1362\" alt=\"C\u00f3mo Realizamos el Tratamiento de Keratina en Nuestro Sal\u00f3n\" srcset=\"https:\/\/saloncabo.com\/wp-content\/uploads\/2026\/03\/bc4448_0d7b3456cb54488598b8bd122.webp 640w, https:\/\/saloncabo.com\/wp-content\/uploads\/2026\/03\/bc4448_0d7b3456cb54488598b8bd122-295x300.webp 295w, https:\/\/saloncabo.com\/wp-content\/uploads\/2026\/03\/bc4448_0d7b3456cb54488598b8bd122-12x12.webp 12w\" sizes=\"(max-width: 640px) 100vw, 640px\" \/>\t\t\t\t\t\t\t\t\t\t\t\t\t\t\t<\/div>\n\t\t\t\t<\/div>\n\t\t\t\t\t<\/div>\n\t\t\t\t<\/div>\n\t\t<div class=\"elementor-element elementor-element-e7f8f2e e-flex e-con-boxed e-con e-parent\" data-id=\"e7f8f2e\" data-element_type=\"container\" data-e-type=\"container\">\n\t\t\t\t\t<div class=\"e-con-inner\">\n\t\t<div class=\"elementor-element elementor-element-5c43fbd e-con-full e-flex e-con e-child\" data-id=\"5c43fbd\" data-element_type=\"container\" data-e-type=\"container\">\n\t\t\t\t<div class=\"elementor-element elementor-element-e730b92 elementor-invisible elementor-widget elementor-widget-heading\" data-id=\"e730b92\" data-element_type=\"widget\" data-e-type=\"widget\" data-settings=\"{&quot;_animation&quot;:&quot;fadeInUp&quot;}\" data-widget_type=\"heading.default\">\n\t\t\t\t\t<h2 class=\"elementor-heading-title elementor-size-default\">Resultados que Puedes Esperar\n<\/h2>\t\t\t\t<\/div>\n\t\t\t\t<div class=\"elementor-element elementor-element-0cda491 elementor-widget elementor-widget-text-editor\" data-id=\"0cda491\" data-element_type=\"widget\" data-e-type=\"widget\" data-widget_type=\"text-editor.default\">\n\t\t\t\t\t\t\t\t\t<p><span style=\"font-weight: 400;\">Despu\u00e9s de realizar la <\/span><b>keratina alcalina Cabo<\/b><span style=\"font-weight: 400;\">, muchas personas notan una mejora inmediata en la apariencia de su cabello. El objetivo de este tratamiento es proporcionar resultados visibles y duraderos.<\/span><\/p><p><span style=\"font-weight: 400;\">Con la <\/span><b>keratina para alisar cabello<\/b><span style=\"font-weight: 400;\">, puedes esperar:<\/span><\/p><ul><li style=\"font-weight: 400;\" aria-level=\"1\"><span style=\"font-weight: 400;\">Cabello m\u00e1s liso y manejable<\/span><\/li><li style=\"font-weight: 400;\" aria-level=\"1\"><span style=\"font-weight: 400;\">Reducci\u00f3n significativa del frizz<\/span><\/li><li style=\"font-weight: 400;\" aria-level=\"1\"><span style=\"font-weight: 400;\">Mayor brillo y suavidad<\/span><\/li><li style=\"font-weight: 400;\" aria-level=\"1\"><span style=\"font-weight: 400;\">Cabello m\u00e1s f\u00e1cil de peinar<\/span><\/li><li style=\"font-weight: 400;\" aria-level=\"1\"><span style=\"font-weight: 400;\">Apariencia m\u00e1s saludable<\/span><\/li><\/ul><h3><strong>Por Qu\u00e9 Elegir Nuestro Sal\u00f3n para en Cabo San Lucas<\/strong><\/h3><p><span style=\"font-weight: 400;\">Elegir un sal\u00f3n con experiencia es fundamental para obtener los mejores resultados con la <\/span><b>keratina alcalina Cabo<\/b><span style=\"font-weight: 400;\">. En nuestro sal\u00f3n contamos con profesionales capacitados que se especializan en tratamientos capilares avanzados.<\/span><\/p><p><span style=\"font-weight: 400;\">Razones por las que nuestros clientes conf\u00edan en nosotros:<\/span><\/p><ul><li style=\"font-weight: 400;\" aria-level=\"1\"><b>M\u00e1s de 10 a\u00f1os de experiencia<\/b><span style=\"font-weight: 400;\"> en servicios capilares<\/span><\/li><li style=\"font-weight: 400;\" aria-level=\"1\"><span style=\"font-weight: 400;\">Especialistas en <\/span><b>tratamiento de keratina profesional<\/b><\/li><li style=\"font-weight: 400;\" aria-level=\"1\"><span style=\"font-weight: 400;\">Productos de alta calidad para el cuidado del cabello<\/span><\/li><li style=\"font-weight: 400;\" aria-level=\"1\"><span style=\"font-weight: 400;\">Atenci\u00f3n personalizada seg\u00fan el tipo de cabello<\/span><\/li><li style=\"font-weight: 400;\" aria-level=\"1\"><span style=\"font-weight: 400;\">Resultados naturales y duraderos<\/span><\/li><\/ul>\t\t\t\t\t\t\t\t<\/div>\n\t\t\t\t<\/div>\n\t\t<div class=\"elementor-element elementor-element-424b9d4 e-con-full e-flex e-con e-child\" data-id=\"424b9d4\" data-element_type=\"container\" data-e-type=\"container\">\n\t\t\t\t<div class=\"elementor-element elementor-element-f34b518 elementor-widget elementor-widget-image\" data-id=\"f34b518\" data-element_type=\"widget\" data-e-type=\"widget\" data-widget_type=\"image.default\">\n\t\t\t\t\t\t\t\t\t\t\t\t\t\t\t<img loading=\"lazy\" decoding=\"async\" width=\"800\" height=\"534\" src=\"https:\/\/saloncabo.com\/wp-content\/uploads\/2026\/03\/Keratin_anti-freeze-smoothing_st-1024x683.webp\" class=\"attachment-large size-large wp-image-1360\" alt=\"Resultados que Puedes Esperar\" srcset=\"https:\/\/saloncabo.com\/wp-content\/uploads\/2026\/03\/Keratin_anti-freeze-smoothing_st-1024x683.webp 1024w, https:\/\/saloncabo.com\/wp-content\/uploads\/2026\/03\/Keratin_anti-freeze-smoothing_st-300x200.webp 300w, https:\/\/saloncabo.com\/wp-content\/uploads\/2026\/03\/Keratin_anti-freeze-smoothing_st-768x512.webp 768w, https:\/\/saloncabo.com\/wp-content\/uploads\/2026\/03\/Keratin_anti-freeze-smoothing_st-18x12.webp 18w, https:\/\/saloncabo.com\/wp-content\/uploads\/2026\/03\/Keratin_anti-freeze-smoothing_st.webp 1350w\" sizes=\"(max-width: 800px) 100vw, 800px\" \/>\t\t\t\t\t\t\t\t\t\t\t\t\t\t\t<\/div>\n\t\t\t\t<\/div>\n\t\t\t\t\t<\/div>\n\t\t\t\t<\/div>\n\t\t<div class=\"elementor-element elementor-element-3090616 e-flex e-con-boxed e-con e-parent\" data-id=\"3090616\" data-element_type=\"container\" data-e-type=\"container\">\n\t\t\t\t\t<div class=\"e-con-inner\">\n\t\t\t\t<div class=\"elementor-element elementor-element-2236534 elementor-invisible elementor-widget elementor-widget-heading\" data-id=\"2236534\" data-element_type=\"widget\" data-e-type=\"widget\" data-settings=\"{&quot;_animation&quot;:&quot;fadeInUp&quot;}\" data-widget_type=\"heading.default\">\n\t\t\t\t\t<h2 class=\"elementor-heading-title elementor-size-default\">Agenda Tu Tratamiento de Keratina Alcalina en Cabo San Lucas\n<\/h2>\t\t\t\t<\/div>\n\t\t\t\t<div class=\"elementor-element elementor-element-51218eb elementor-widget elementor-widget-text-editor\" data-id=\"51218eb\" data-element_type=\"widget\" data-e-type=\"widget\" data-widget_type=\"text-editor.default\">\n\t\t\t\t\t\t\t\t\t<p><span style=\"font-weight: 400;\">Si deseas transformar tu cabello y disfrutar de los beneficios de la <\/span><b>keratina para alisar cabello<\/b><span style=\"font-weight: 400;\">, nuestro equipo est\u00e1 listo para ayudarte.<\/span><\/p><p><a href=\"https:\/\/saloncabo.com\/contacto\/\"><span style=\"font-weight: 400;\">Agenda tu cita<\/span><\/a><span style=\"font-weight: 400;\"> hoy mismo para un <\/span><b>tratamiento de keratina profesional<\/b><span style=\"font-weight: 400;\"> y descubre c\u00f3mo puedes lograr un cabello m\u00e1s suave, brillante y f\u00e1cil de manejar en Cabo San Lucas.<\/span><\/p>\t\t\t\t\t\t\t\t<\/div>\n\t\t\t\t<div class=\"elementor-element elementor-element-a87eef8 elementor-invisible elementor-widget elementor-widget-button\" data-id=\"a87eef8\" data-element_type=\"widget\" data-e-type=\"widget\" data-settings=\"{&quot;_animation&quot;:&quot;fadeIn&quot;}\" data-widget_type=\"button.default\">\n\t\t\t\t\t\t\t\t\t\t<a class=\"elementor-button elementor-button-link elementor-size-sm elementor-animation-bob\" href=\"https:\/\/saloncabo.com\/book-now\/\">\n\t\t\t\t\t\t<span class=\"elementor-button-content-wrapper\">\n\t\t\t\t\t\t<span class=\"elementor-button-icon\">\n\t\t\t\t<svg aria-hidden=\"true\" class=\"e-font-icon-svg e-fas-angle-right\" viewBox=\"0 0 256 512\" xmlns=\"http:\/\/www.w3.org\/2000\/svg\"><path d=\"M224.3 273l-136 136c-9.4 9.4-24.6 9.4-33.9 0l-22.6-22.6c-9.4-9.4-9.4-24.6 0-33.9l96.4-96.4-96.4-96.4c-9.4-9.4-9.4-24.6 0-33.9L54.3 103c9.4-9.4 24.6-9.4 33.9 0l136 136c9.5 9.4 9.5 24.6.1 34z\"><\/path><\/svg>\t\t\t<\/span>\n\t\t\t\t\t\t\t\t\t<span class=\"elementor-button-text\">Reserva ahora<\/span>\n\t\t\t\t\t<\/span>\n\t\t\t\t\t<\/a>\n\t\t\t\t\t\t\t\t<\/div>\n\t\t\t\t\t<\/div>\n\t\t\t\t<\/div>\n\t\t<div class=\"elementor-element elementor-element-567bb6d e-flex e-con-boxed e-con e-parent\" data-id=\"567bb6d\" data-element_type=\"container\" data-e-type=\"container\" data-settings=\"{&quot;background_background&quot;:&quot;classic&quot;}\">\n\t\t\t\t\t<div class=\"e-con-inner\">\n\t\t<div class=\"elementor-element elementor-element-d31e6a1 e-con-full e-flex e-con e-child\" data-id=\"d31e6a1\" data-element_type=\"container\" data-e-type=\"container\">\n\t\t<div class=\"elementor-element elementor-element-899c321 e-con-full e-flex e-con e-child\" data-id=\"899c321\" data-element_type=\"container\" data-e-type=\"container\">\n\t\t<div class=\"elementor-element elementor-element-9124962 e-con-full e-flex e-con e-child\" data-id=\"9124962\" data-element_type=\"container\" data-e-type=\"container\">\n\t\t\t\t<div class=\"elementor-element elementor-element-5ce4511 elementor-invisible elementor-widget elementor-widget-heading\" data-id=\"5ce4511\" data-element_type=\"widget\" data-e-type=\"widget\" data-settings=\"{&quot;_animation&quot;:&quot;fadeInUp&quot;}\" data-widget_type=\"heading.default\">\n\t\t\t\t\t<h2 class=\"elementor-heading-title elementor-size-default\">Preguntas Frecuentes<\/h2>\t\t\t\t<\/div>\n\t\t\t\t<\/div>\n\t\t\t\t<\/div>\n\t\t<div class=\"elementor-element elementor-element-7121274 e-con-full e-flex e-con e-child\" data-id=\"7121274\" data-element_type=\"container\" data-e-type=\"container\">\n\t\t<div class=\"elementor-element elementor-element-e08d8ea e-con-full e-flex e-con e-child\" data-id=\"e08d8ea\" data-element_type=\"container\" data-e-type=\"container\">\n\t\t\t\t<div class=\"elementor-element elementor-element-1821c4a elementor-invisible elementor-widget elementor-widget-accordion\" data-id=\"1821c4a\" data-element_type=\"widget\" data-e-type=\"widget\" data-settings=\"{&quot;_animation&quot;:&quot;fadeInUp&quot;}\" data-widget_type=\"accordion.default\">\n\t\t\t\t\t\t\t<div class=\"elementor-accordion\">\n\t\t\t\t\t\t\t<div class=\"elementor-accordion-item\">\n\t\t\t\t\t<div id=\"elementor-tab-title-2531\" class=\"elementor-tab-title\" data-tab=\"1\" role=\"button\" aria-controls=\"elementor-tab-content-2531\" aria-expanded=\"false\">\n\t\t\t\t\t\t\t\t\t\t\t\t\t<span class=\"elementor-accordion-icon elementor-accordion-icon-right\" aria-hidden=\"true\">\n\t\t\t\t\t\t\t\t\t\t\t\t\t\t\t<span class=\"elementor-accordion-icon-closed\"><svg class=\"e-font-icon-svg e-fas-angle-down\" viewBox=\"0 0 320 512\" xmlns=\"http:\/\/www.w3.org\/2000\/svg\"><path d=\"M143 352.3L7 216.3c-9.4-9.4-9.4-24.6 0-33.9l22.6-22.6c9.4-9.4 24.6-9.4 33.9 0l96.4 96.4 96.4-96.4c9.4-9.4 24.6-9.4 33.9 0l22.6 22.6c9.4 9.4 9.4 24.6 0 33.9l-136 136c-9.2 9.4-24.4 9.4-33.8 0z\"><\/path><\/svg><\/span>\n\t\t\t\t\t\t\t\t<span class=\"elementor-accordion-icon-opened\"><svg class=\"e-font-icon-svg e-fas-angle-up\" viewBox=\"0 0 320 512\" xmlns=\"http:\/\/www.w3.org\/2000\/svg\"><path d=\"M177 159.7l136 136c9.4 9.4 9.4 24.6 0 33.9l-22.6 22.6c-9.4 9.4-24.6 9.4-33.9 0L160 255.9l-96.4 96.4c-9.4 9.4-24.6 9.4-33.9 0L7 329.7c-9.4-9.4-9.4-24.6 0-33.9l136-136c9.4-9.5 24.6-9.5 34-.1z\"><\/path><\/svg><\/span>\n\t\t\t\t\t\t\t\t\t\t\t\t\t\t<\/span>\n\t\t\t\t\t\t\t\t\t\t\t\t<a class=\"elementor-accordion-title\" tabindex=\"0\">Cu\u00e1nto tiempo dura un tratamiento de keratina?<\/a>\n\t\t\t\t\t<\/div>\n\t\t\t\t\t<div id=\"elementor-tab-content-2531\" class=\"elementor-tab-content elementor-clearfix\" data-tab=\"1\" role=\"region\" aria-labelledby=\"elementor-tab-title-2531\"><p><span style=\"font-weight: 400;\">La duraci\u00f3n depende del tipo de cabello y los cuidados posteriores. En la mayor\u00eda de los casos, un tratamiento de keratina puede durar <\/span><b>entre 3 y 6 meses<\/b><span style=\"font-weight: 400;\"> cuando se utilizan productos adecuados y se sigue el mantenimiento recomendado.<\/span><\/p><\/div>\n\t\t\t\t<\/div>\n\t\t\t\t\t\t\t<div class=\"elementor-accordion-item\">\n\t\t\t\t\t<div id=\"elementor-tab-title-2532\" class=\"elementor-tab-title\" data-tab=\"2\" role=\"button\" aria-controls=\"elementor-tab-content-2532\" aria-expanded=\"false\">\n\t\t\t\t\t\t\t\t\t\t\t\t\t<span class=\"elementor-accordion-icon elementor-accordion-icon-right\" aria-hidden=\"true\">\n\t\t\t\t\t\t\t\t\t\t\t\t\t\t\t<span class=\"elementor-accordion-icon-closed\"><svg class=\"e-font-icon-svg e-fas-angle-down\" viewBox=\"0 0 320 512\" xmlns=\"http:\/\/www.w3.org\/2000\/svg\"><path d=\"M143 352.3L7 216.3c-9.4-9.4-9.4-24.6 0-33.9l22.6-22.6c9.4-9.4 24.6-9.4 33.9 0l96.4 96.4 96.4-96.4c9.4-9.4 24.6-9.4 33.9 0l22.6 22.6c9.4 9.4 9.4 24.6 0 33.9l-136 136c-9.2 9.4-24.4 9.4-33.8 0z\"><\/path><\/svg><\/span>\n\t\t\t\t\t\t\t\t<span class=\"elementor-accordion-icon-opened\"><svg class=\"e-font-icon-svg e-fas-angle-up\" viewBox=\"0 0 320 512\" xmlns=\"http:\/\/www.w3.org\/2000\/svg\"><path d=\"M177 159.7l136 136c9.4 9.4 9.4 24.6 0 33.9l-22.6 22.6c-9.4 9.4-24.6 9.4-33.9 0L160 255.9l-96.4 96.4c-9.4 9.4-24.6 9.4-33.9 0L7 329.7c-9.4-9.4-9.4-24.6 0-33.9l136-136c9.4-9.5 24.6-9.5 34-.1z\"><\/path><\/svg><\/span>\n\t\t\t\t\t\t\t\t\t\t\t\t\t\t<\/span>\n\t\t\t\t\t\t\t\t\t\t\t\t<a class=\"elementor-accordion-title\" tabindex=\"0\">La keratina realmente alisa el cabello o solo elimina el frizz?<\/a>\n\t\t\t\t\t<\/div>\n\t\t\t\t\t<div id=\"elementor-tab-content-2532\" class=\"elementor-tab-content elementor-clearfix\" data-tab=\"2\" role=\"region\" aria-labelledby=\"elementor-tab-title-2532\"><p><span style=\"font-weight: 400;\">La keratina principalmente <\/span><b>reduce el frizz y suaviza la fibra capilar<\/b><span style=\"font-weight: 400;\">, aunque tambi\u00e9n puede ayudar a que el cabello luzca m\u00e1s liso. No siempre deja el cabello completamente lacio, pero s\u00ed m\u00e1s manejable y brillante.<\/span><\/p><\/div>\n\t\t\t\t<\/div>\n\t\t\t\t\t\t\t<div class=\"elementor-accordion-item\">\n\t\t\t\t\t<div id=\"elementor-tab-title-2533\" class=\"elementor-tab-title\" data-tab=\"3\" role=\"button\" aria-controls=\"elementor-tab-content-2533\" aria-expanded=\"false\">\n\t\t\t\t\t\t\t\t\t\t\t\t\t<span class=\"elementor-accordion-icon elementor-accordion-icon-right\" aria-hidden=\"true\">\n\t\t\t\t\t\t\t\t\t\t\t\t\t\t\t<span class=\"elementor-accordion-icon-closed\"><svg class=\"e-font-icon-svg e-fas-angle-down\" viewBox=\"0 0 320 512\" xmlns=\"http:\/\/www.w3.org\/2000\/svg\"><path d=\"M143 352.3L7 216.3c-9.4-9.4-9.4-24.6 0-33.9l22.6-22.6c9.4-9.4 24.6-9.4 33.9 0l96.4 96.4 96.4-96.4c9.4-9.4 24.6-9.4 33.9 0l22.6 22.6c9.4 9.4 9.4 24.6 0 33.9l-136 136c-9.2 9.4-24.4 9.4-33.8 0z\"><\/path><\/svg><\/span>\n\t\t\t\t\t\t\t\t<span class=\"elementor-accordion-icon-opened\"><svg class=\"e-font-icon-svg e-fas-angle-up\" viewBox=\"0 0 320 512\" xmlns=\"http:\/\/www.w3.org\/2000\/svg\"><path d=\"M177 159.7l136 136c9.4 9.4 9.4 24.6 0 33.9l-22.6 22.6c-9.4 9.4-24.6 9.4-33.9 0L160 255.9l-96.4 96.4c-9.4 9.4-24.6 9.4-33.9 0L7 329.7c-9.4-9.4-9.4-24.6 0-33.9l136-136c9.4-9.5 24.6-9.5 34-.1z\"><\/path><\/svg><\/span>\n\t\t\t\t\t\t\t\t\t\t\t\t\t\t<\/span>\n\t\t\t\t\t\t\t\t\t\t\t\t<a class=\"elementor-accordion-title\" tabindex=\"0\">Cu\u00e1nto tiempo tarda el tratamiento de keratina en el sal\u00f3n?<\/a>\n\t\t\t\t\t<\/div>\n\t\t\t\t\t<div id=\"elementor-tab-content-2533\" class=\"elementor-tab-content elementor-clearfix\" data-tab=\"3\" role=\"region\" aria-labelledby=\"elementor-tab-title-2533\"><p><span style=\"font-weight: 400;\">El proceso suele tomar <\/span><b>entre 1.5 y 3 horas<\/b><span style=\"font-weight: 400;\">, dependiendo del largo, grosor y tipo de cabello.<\/span><\/p><\/div>\n\t\t\t\t<\/div>\n\t\t\t\t\t\t\t<div class=\"elementor-accordion-item\">\n\t\t\t\t\t<div id=\"elementor-tab-title-2534\" class=\"elementor-tab-title\" data-tab=\"4\" role=\"button\" aria-controls=\"elementor-tab-content-2534\" aria-expanded=\"false\">\n\t\t\t\t\t\t\t\t\t\t\t\t\t<span class=\"elementor-accordion-icon elementor-accordion-icon-right\" aria-hidden=\"true\">\n\t\t\t\t\t\t\t\t\t\t\t\t\t\t\t<span class=\"elementor-accordion-icon-closed\"><svg class=\"e-font-icon-svg e-fas-angle-down\" viewBox=\"0 0 320 512\" xmlns=\"http:\/\/www.w3.org\/2000\/svg\"><path d=\"M143 352.3L7 216.3c-9.4-9.4-9.4-24.6 0-33.9l22.6-22.6c9.4-9.4 24.6-9.4 33.9 0l96.4 96.4 96.4-96.4c9.4-9.4 24.6-9.4 33.9 0l22.6 22.6c9.4 9.4 9.4 24.6 0 33.9l-136 136c-9.2 9.4-24.4 9.4-33.8 0z\"><\/path><\/svg><\/span>\n\t\t\t\t\t\t\t\t<span class=\"elementor-accordion-icon-opened\"><svg class=\"e-font-icon-svg e-fas-angle-up\" viewBox=\"0 0 320 512\" xmlns=\"http:\/\/www.w3.org\/2000\/svg\"><path d=\"M177 159.7l136 136c9.4 9.4 9.4 24.6 0 33.9l-22.6 22.6c-9.4 9.4-24.6 9.4-33.9 0L160 255.9l-96.4 96.4c-9.4 9.4-24.6 9.4-33.9 0L7 329.7c-9.4-9.4-9.4-24.6 0-33.9l136-136c9.4-9.5 24.6-9.5 34-.1z\"><\/path><\/svg><\/span>\n\t\t\t\t\t\t\t\t\t\t\t\t\t\t<\/span>\n\t\t\t\t\t\t\t\t\t\t\t\t<a class=\"elementor-accordion-title\" tabindex=\"0\">Cu\u00e1ndo puedo lavar mi cabello despu\u00e9s de la keratina?<\/a>\n\t\t\t\t\t<\/div>\n\t\t\t\t\t<div id=\"elementor-tab-content-2534\" class=\"elementor-tab-content elementor-clearfix\" data-tab=\"4\" role=\"region\" aria-labelledby=\"elementor-tab-title-2534\"><p><span style=\"font-weight: 400;\">Muchos especialistas recomiendan repetir el tratamiento <\/span><b>cada 3 a 6 meses<\/b><span style=\"font-weight: 400;\">, dependiendo del crecimiento del cabello y de cu\u00e1nto duren los resultados.<\/span><\/p><\/div>\n\t\t\t\t<\/div>\n\t\t\t\t\t\t\t<div class=\"elementor-accordion-item\">\n\t\t\t\t\t<div id=\"elementor-tab-title-2535\" class=\"elementor-tab-title\" data-tab=\"5\" role=\"button\" aria-controls=\"elementor-tab-content-2535\" aria-expanded=\"false\">\n\t\t\t\t\t\t\t\t\t\t\t\t\t<span class=\"elementor-accordion-icon elementor-accordion-icon-right\" aria-hidden=\"true\">\n\t\t\t\t\t\t\t\t\t\t\t\t\t\t\t<span class=\"elementor-accordion-icon-closed\"><svg class=\"e-font-icon-svg e-fas-angle-down\" viewBox=\"0 0 320 512\" xmlns=\"http:\/\/www.w3.org\/2000\/svg\"><path d=\"M143 352.3L7 216.3c-9.4-9.4-9.4-24.6 0-33.9l22.6-22.6c9.4-9.4 24.6-9.4 33.9 0l96.4 96.4 96.4-96.4c9.4-9.4 24.6-9.4 33.9 0l22.6 22.6c9.4 9.4 9.4 24.6 0 33.9l-136 136c-9.2 9.4-24.4 9.4-33.8 0z\"><\/path><\/svg><\/span>\n\t\t\t\t\t\t\t\t<span class=\"elementor-accordion-icon-opened\"><svg class=\"e-font-icon-svg e-fas-angle-up\" viewBox=\"0 0 320 512\" xmlns=\"http:\/\/www.w3.org\/2000\/svg\"><path d=\"M177 159.7l136 136c9.4 9.4 9.4 24.6 0 33.9l-22.6 22.6c-9.4 9.4-24.6 9.4-33.9 0L160 255.9l-96.4 96.4c-9.4 9.4-24.6 9.4-33.9 0L7 329.7c-9.4-9.4-9.4-24.6 0-33.9l136-136c9.4-9.5 24.6-9.5 34-.1z\"><\/path><\/svg><\/span>\n\t\t\t\t\t\t\t\t\t\t\t\t\t\t<\/span>\n\t\t\t\t\t\t\t\t\t\t\t\t<a class=\"elementor-accordion-title\" tabindex=\"0\">La keratina elimina completamente el frizz?<\/a>\n\t\t\t\t\t<\/div>\n\t\t\t\t\t<div id=\"elementor-tab-content-2535\" class=\"elementor-tab-content elementor-clearfix\" data-tab=\"5\" role=\"region\" aria-labelledby=\"elementor-tab-title-2535\"><p><span style=\"font-weight: 400;\">La mayor\u00eda de las personas nota una <\/span><b>reducci\u00f3n significativa del frizz y mayor suavidad<\/b><span style=\"font-weight: 400;\">, pero el resultado final depende del tipo de cabello. En muchos casos el cabello queda m\u00e1s liso, brillante y f\u00e1cil de peinar.<\/span><\/p><\/div>\n\t\t\t\t<\/div>\n\t\t\t\t\t\t\t\t<\/div>\n\t\t\t\t\t\t<\/div>\n\t\t\t\t<\/div>\n\t\t\t\t<\/div>\n\t\t\t\t<\/div>\n\t\t\t\t\t<\/div>\n\t\t\t\t<\/div>\n\t\t\t\t<\/div>\n\t\t","protected":false},"excerpt":{"rendered":"<p>Keratina Alcalina en Cabo San Lucas para Cabello Liso, Suave y Sin Frizz Si buscas una forma efectiva de transformar tu cabello y decir adi\u00f3s al frizz, nuestro servicio de keratina alcalina Cabo es una excelente opci\u00f3n. Este tratamiento capilar est\u00e1 dise\u00f1ado para suavizar la fibra capilar, mejorar la textura del cabello y proporcionar un [&hellip;]<\/p>\n","protected":false},"author":2,"featured_media":545,"parent":0,"menu_order":0,"comment_status":"closed","ping_status":"closed","template":"","meta":{"content-type":"","footnotes":""},"class_list":["post-756","page","type-page","status-publish","has-post-thumbnail","hentry"],"_links":{"self":[{"href":"https:\/\/saloncabo.com\/en\/wp-json\/wp\/v2\/pages\/756","targetHints":{"allow":["GET"]}}],"collection":[{"href":"https:\/\/saloncabo.com\/en\/wp-json\/wp\/v2\/pages"}],"about":[{"href":"https:\/\/saloncabo.com\/en\/wp-json\/wp\/v2\/types\/page"}],"author":[{"embeddable":true,"href":"https:\/\/saloncabo.com\/en\/wp-json\/wp\/v2\/users\/2"}],"replies":[{"embeddable":true,"href":"https:\/\/saloncabo.com\/en\/wp-json\/wp\/v2\/comments?post=756"}],"version-history":[{"count":26,"href":"https:\/\/saloncabo.com\/en\/wp-json\/wp\/v2\/pages\/756\/revisions"}],"predecessor-version":[{"id":1710,"href":"https:\/\/saloncabo.com\/en\/wp-json\/wp\/v2\/pages\/756\/revisions\/1710"}],"wp:featuredmedia":[{"embeddable":true,"href":"https:\/\/saloncabo.com\/en\/wp-json\/wp\/v2\/media\/545"}],"wp:attachment":[{"href":"https:\/\/saloncabo.com\/en\/wp-json\/wp\/v2\/media?parent=756"}],"curies":[{"name":"wp","href":"https:\/\/api.w.org\/{rel}","templated":true}]}}